{"id":49,"date":"2023-03-02T20:51:39","date_gmt":"2023-03-02T20:51:39","guid":{"rendered":"http:\/\/pallotyni.ostroleka.pl\/wp\/?page_id=49"},"modified":"2023-03-04T13:11:25","modified_gmt":"2023-03-04T13:11:25","slug":"ogloszenia-parafialne","status":"publish","type":"page","link":"https:\/\/pallotyni.ostroleka.pl\/?page_id=49","title":{"rendered":"Og\u0142oszenia parafialne"},"content":{"rendered":"\n<div class=\"wp-block-group has-global-padding is-layout-constrained wp-container-core-group-is-layout-350af419 wp-block-group-is-layout-constrained\" style=\"margin-top:0px;margin-bottom:0px;padding-top:60px;padding-right:20px;padding-bottom:60px;padding-left:20px\">\n<div class=\"wp-block-group alignwide is-layout-flow wp-block-group-is-layout-flow\">\n<div class=\"wp-block-group alignwide is-layout-flow wp-block-group-is-layout-flow\">\n<div class=\"wp-block-query is-layout-flow wp-block-query-is-layout-flow\"><ul class=\"is-flex-container columns-3 latest-posts wp-block-post-template is-layout-flow wp-block-post-template-is-layout-flow\"><li class=\"wp-block-post post-1569 post type-post status-publish format-standard hentry category-ogloszenia-parafialne\">\n\n\n\n<div class=\"wp-block-group has-global-padding is-layout-constrained wp-container-core-group-is-layout-3a02abfb wp-block-group-is-layout-constrained\" style=\"padding-top:20px;padding-right:20px;padding-bottom:20px;padding-left:20px\">\n<div class=\"wp-block-group is-content-justification-space-between is-nowrap is-layout-flex wp-container-core-group-is-layout-cb46ffcb wp-block-group-is-layout-flex\"><div class=\"taxonomy-category wp-block-post-terms\"><a href=\"https:\/\/pallotyni.ostroleka.pl\/?cat=1\" rel=\"tag\">Og\u0142oszenia parafialne<\/a><\/div>\n\n<div style=\"padding-top:5px;padding-right:16px;padding-bottom:5px;padding-left:16px;\" class=\"wp-block-post-date has-text-color has-base-color has-background has-primary-background-color\"><time datetime=\"2026-04-25T19:00:47+00:00\">25 kwietnia, 2026<\/time><\/div><\/div>\n\n\n<h3 style=\"font-style:normal;font-weight:500;\" class=\"wp-block-post-title has-big-font-size\"><a href=\"https:\/\/pallotyni.ostroleka.pl\/?p=1569\" target=\"_self\" >IV Niedziela wielkanocna 26.04.2026 r.<\/a><\/h3>\n\n<div class=\"wp-block-post-excerpt has-text-color has-black-color\"><p class=\"wp-block-post-excerpt__excerpt\">komentarz do Ewangelii (J 10, 1-10) Jezus powiedzia\u0142: &#8222;Zaprawd\u0119, zaprawd\u0119 powiadam wam: Kto nie wchodzi do owczarni przez bram\u0119, ale wdziera si\u0119 inn\u0105 drog\u0105, ten jest z\u0142odziejem i<\/p><p class=\"wp-block-post-excerpt__more-text\"><a class=\"wp-block-post-excerpt__more-link\" href=\"https:\/\/pallotyni.ostroleka.pl\/?p=1569\">Czytaj dalej<\/a><\/p><\/div><\/div>\n\n<\/li><li class=\"wp-block-post post-1562 post type-post status-publish format-standard hentry category-ogloszenia-parafialne\">\n\n\n\n<div class=\"wp-block-group has-global-padding is-layout-constrained wp-container-core-group-is-layout-3a02abfb wp-block-group-is-layout-constrained\" style=\"padding-top:20px;padding-right:20px;padding-bottom:20px;padding-left:20px\">\n<div class=\"wp-block-group is-content-justification-space-between is-nowrap is-layout-flex wp-container-core-group-is-layout-cb46ffcb wp-block-group-is-layout-flex\"><div class=\"taxonomy-category wp-block-post-terms\"><a href=\"https:\/\/pallotyni.ostroleka.pl\/?cat=1\" rel=\"tag\">Og\u0142oszenia parafialne<\/a><\/div>\n\n<div style=\"padding-top:5px;padding-right:16px;padding-bottom:5px;padding-left:16px;\" class=\"wp-block-post-date has-text-color has-base-color has-background has-primary-background-color\"><time datetime=\"2026-04-18T18:34:28+00:00\">18 kwietnia, 2026<\/time><\/div><\/div>\n\n\n<h3 style=\"font-style:normal;font-weight:500;\" class=\"wp-block-post-title has-big-font-size\"><a href=\"https:\/\/pallotyni.ostroleka.pl\/?p=1562\" target=\"_self\" >III Niedziela wielkanocna 19.04.2026 r.<\/a><\/h3>\n\n<div class=\"wp-block-post-excerpt has-text-color has-black-color\"><p class=\"wp-block-post-excerpt__excerpt\">komentarz do niedzielnej Ewangelii (\u0141k 24, 13-35) W pierwszy dzie\u0144 tygodnia dwaj uczniowie Jezusa byli w drodze do wsi, zwanej Emaus, oddalonej o sze\u015b\u0107dziesi\u0105t stadi\u00f3w od Jeruzalem. Rozmawiali<\/p><p class=\"wp-block-post-excerpt__more-text\"><a class=\"wp-block-post-excerpt__more-link\" href=\"https:\/\/pallotyni.ostroleka.pl\/?p=1562\">Czytaj dalej<\/a><\/p><\/div><\/div>\n\n<\/li><li class=\"wp-block-post post-1554 post type-post status-publish format-standard hentry category-ogloszenia-parafialne\">\n\n\n\n<div class=\"wp-block-group has-global-padding is-layout-constrained wp-container-core-group-is-layout-3a02abfb wp-block-group-is-layout-constrained\" style=\"padding-top:20px;padding-right:20px;padding-bottom:20px;padding-left:20px\">\n<div class=\"wp-block-group is-content-justification-space-between is-nowrap is-layout-flex wp-container-core-group-is-layout-cb46ffcb wp-block-group-is-layout-flex\"><div class=\"taxonomy-category wp-block-post-terms\"><a href=\"https:\/\/pallotyni.ostroleka.pl\/?cat=1\" rel=\"tag\">Og\u0142oszenia parafialne<\/a><\/div>\n\n<div style=\"padding-top:5px;padding-right:16px;padding-bottom:5px;padding-left:16px;\" class=\"wp-block-post-date has-text-color has-base-color has-background has-primary-background-color\"><time datetime=\"2026-04-11T17:14:05+00:00\">11 kwietnia, 2026<\/time><\/div><\/div>\n\n\n<h3 style=\"font-style:normal;font-weight:500;\" class=\"wp-block-post-title has-big-font-size\"><a href=\"https:\/\/pallotyni.ostroleka.pl\/?p=1554\" target=\"_self\" >Niedziela Mi\u0142osierdzia Bo\u017cego 12.04.2026 r.<\/a><\/h3>\n\n<div class=\"wp-block-post-excerpt has-text-color has-black-color\"><p class=\"wp-block-post-excerpt__excerpt\">komentarz do Ewangelii (J 20,19-31) Wieczorem w dniu zmartwychwstania, tam gdzie przebywali uczniowie, cho\u0107 drzwi by\u0142y zamkni\u0119te z obawy przed \u017bydami, przyszed\u0142 Jezus, stan\u0105\u0142 po\u015brodku i rzek\u0142 do<\/p><p class=\"wp-block-post-excerpt__more-text\"><a class=\"wp-block-post-excerpt__more-link\" href=\"https:\/\/pallotyni.ostroleka.pl\/?p=1554\">Czytaj dalej<\/a><\/p><\/div><\/div>\n\n<\/li><\/ul><\/div>\n<\/div>\n\n\n\n<div class=\"wp-block-group alignwide is-layout-flow wp-block-group-is-layout-flow\">\n<div class=\"wp-block-query is-layout-flow wp-block-query-is-layout-flow\"><ul class=\"is-flex-container columns-3 latest-posts wp-block-post-template is-layout-flow wp-block-post-template-is-layout-flow\"><li class=\"wp-block-post post-1573 post type-post status-publish format-standard hentry category-intencje\">\n\n\n\n<div class=\"wp-block-group has-global-padding is-layout-constrained wp-container-core-group-is-layout-3a02abfb wp-block-group-is-layout-constrained\" style=\"padding-top:20px;padding-right:20px;padding-bottom:20px;padding-left:20px\">\n<div class=\"wp-block-group is-content-justification-space-between is-nowrap is-layout-flex wp-container-core-group-is-layout-cb46ffcb wp-block-group-is-layout-flex\"><div class=\"taxonomy-category wp-block-post-terms\"><a href=\"https:\/\/pallotyni.ostroleka.pl\/?cat=6\" rel=\"tag\">Intencje<\/a><\/div>\n\n<div style=\"padding-top:5px;padding-right:16px;padding-bottom:5px;padding-left:16px;\" class=\"wp-block-post-date has-text-color has-base-color has-background has-primary-background-color\"><time datetime=\"2026-04-25T19:08:22+00:00\">25 kwietnia, 2026<\/time><\/div><\/div>\n\n\n<h3 style=\"font-style:normal;font-weight:500;\" class=\"wp-block-post-title has-big-font-size\"><a href=\"https:\/\/pallotyni.ostroleka.pl\/?p=1573\" target=\"_self\" >Intencje 26.04. \u2013 02.05.2026 r.<\/a><\/h3>\n\n<div class=\"wp-block-post-excerpt has-text-color has-black-color\"><p class=\"wp-block-post-excerpt__excerpt\">NIEDZIELA \u2013 26.04.2026 7.00 + Edward Placha i zm. z rodziny 9.00 1) + S\u0142awomir Stefa\u0144ski (25 greg.) 2) +J\u00f3zef Op\u0119chowski \u2013 17 rocz. \u015bm. oraz zmarlirodzice: Marianna<\/p><p class=\"wp-block-post-excerpt__more-text\"><a class=\"wp-block-post-excerpt__more-link\" href=\"https:\/\/pallotyni.ostroleka.pl\/?p=1573\">Czytaj dalej<\/a><\/p><\/div><\/div>\n\n<\/li><li class=\"wp-block-post post-1567 post type-post status-publish format-standard hentry category-intencje\">\n\n\n\n<div class=\"wp-block-group has-global-padding is-layout-constrained wp-container-core-group-is-layout-3a02abfb wp-block-group-is-layout-constrained\" style=\"padding-top:20px;padding-right:20px;padding-bottom:20px;padding-left:20px\">\n<div class=\"wp-block-group is-content-justification-space-between is-nowrap is-layout-flex wp-container-core-group-is-layout-cb46ffcb wp-block-group-is-layout-flex\"><div class=\"taxonomy-category wp-block-post-terms\"><a href=\"https:\/\/pallotyni.ostroleka.pl\/?cat=6\" rel=\"tag\">Intencje<\/a><\/div>\n\n<div style=\"padding-top:5px;padding-right:16px;padding-bottom:5px;padding-left:16px;\" class=\"wp-block-post-date has-text-color has-base-color has-background has-primary-background-color\"><time datetime=\"2026-04-18T18:46:05+00:00\">18 kwietnia, 2026<\/time><\/div><\/div>\n\n\n<h3 style=\"font-style:normal;font-weight:500;\" class=\"wp-block-post-title has-big-font-size\"><a href=\"https:\/\/pallotyni.ostroleka.pl\/?p=1567\" target=\"_self\" >Intencje 19.04. \u2013 25.04.2026 r.<\/a><\/h3>\n\n<div class=\"wp-block-post-excerpt has-text-color has-black-color\"><p class=\"wp-block-post-excerpt__excerpt\">NIEDZIELA \u2013 19.04.2026 7.00 + Krzysztof \u015anietka \u2013 10 rocz. \u015bm. 9.00 1) + Adam Laskowski i zm. z rodz. Laskowskichi Ma\u0142kowskich 2) + Wojciech Smereczy\u0144ski (18 greg.)<\/p><p class=\"wp-block-post-excerpt__more-text\"><a class=\"wp-block-post-excerpt__more-link\" href=\"https:\/\/pallotyni.ostroleka.pl\/?p=1567\">Czytaj dalej<\/a><\/p><\/div><\/div>\n\n<\/li><li class=\"wp-block-post post-1558 post type-post status-publish format-standard hentry category-intencje\">\n\n\n\n<div class=\"wp-block-group has-global-padding is-layout-constrained wp-container-core-group-is-layout-3a02abfb wp-block-group-is-layout-constrained\" style=\"padding-top:20px;padding-right:20px;padding-bottom:20px;padding-left:20px\">\n<div class=\"wp-block-group is-content-justification-space-between is-nowrap is-layout-flex wp-container-core-group-is-layout-cb46ffcb wp-block-group-is-layout-flex\"><div class=\"taxonomy-category wp-block-post-terms\"><a href=\"https:\/\/pallotyni.ostroleka.pl\/?cat=6\" rel=\"tag\">Intencje<\/a><\/div>\n\n<div style=\"padding-top:5px;padding-right:16px;padding-bottom:5px;padding-left:16px;\" class=\"wp-block-post-date has-text-color has-base-color has-background has-primary-background-color\"><time datetime=\"2026-04-11T17:17:49+00:00\">11 kwietnia, 2026<\/time><\/div><\/div>\n\n\n<h3 style=\"font-style:normal;font-weight:500;\" class=\"wp-block-post-title has-big-font-size\"><a href=\"https:\/\/pallotyni.ostroleka.pl\/?p=1558\" target=\"_self\" >Intencje 12.04. \u2013 18.04.2026 r.<\/a><\/h3>\n\n<div class=\"wp-block-post-excerpt has-text-color has-black-color\"><p class=\"wp-block-post-excerpt__excerpt\">NIEDZIELA \u2013 12.04.2026 7.00 + Wojciech Smereczy\u0144ski (11 greg.) 9.00 1) + J\u00f3zef i Michalina 2) + S\u0142awomir Stefa\u0144ski (11 greg.) 11.30 + Bo\u017cena B\u0105czek 12.30 ZP Za<\/p><p class=\"wp-block-post-excerpt__more-text\"><a class=\"wp-block-post-excerpt__more-link\" href=\"https:\/\/pallotyni.ostroleka.pl\/?p=1558\">Czytaj dalej<\/a><\/p><\/div><\/div>\n\n<\/li><\/ul><\/div>\n\n\n\n<div class=\"wp-block-query is-layout-flow wp-block-query-is-layout-flow\"><ul class=\"is-flex-container columns-3 latest-posts wp-block-post-template is-layout-flow wp-block-post-template-is-layout-flow\"><li class=\"wp-block-post post-1571 post type-post status-publish format-standard hentry category-grafik-ksiezy\">\n\n\n\n<div class=\"wp-block-group has-global-padding is-layout-constrained wp-container-core-group-is-layout-3a02abfb wp-block-group-is-layout-constrained\" style=\"padding-top:20px;padding-right:20px;padding-bottom:20px;padding-left:20px\">\n<div class=\"wp-block-group is-content-justification-space-between is-nowrap is-layout-flex wp-container-core-group-is-layout-cb46ffcb wp-block-group-is-layout-flex\"><div class=\"taxonomy-category wp-block-post-terms\"><a href=\"https:\/\/pallotyni.ostroleka.pl\/?cat=7\" rel=\"tag\">Grafik Ksi\u0119\u017cy<\/a><\/div>\n\n<div style=\"padding-top:5px;padding-right:16px;padding-bottom:5px;padding-left:16px;\" class=\"wp-block-post-date has-text-color has-base-color has-background has-primary-background-color\"><time datetime=\"2026-04-25T19:05:52+00:00\">25 kwietnia, 2026<\/time><\/div><\/div>\n\n\n<h3 style=\"font-style:normal;font-weight:500;\" class=\"wp-block-post-title has-big-font-size\"><a href=\"https:\/\/pallotyni.ostroleka.pl\/?p=1571\" target=\"_self\" >Plan pracy tygodniowej 26.04. \u2013 02.05.2026 r.<\/a><\/h3>\n\n<div class=\"wp-block-post-excerpt has-text-color has-black-color\"><p class=\"wp-block-post-excerpt__excerpt\">NIEDZIELA \u2013 26.04.2026 godz. CELEBRANS TACAI KONFESJONA\u0141 7.00 x. Tomasz x. Marian 9.00 x. Wojciech x. Tomasz x. Marian 11.30 x. Marian x. Wojciech 12.30 (ZP) x. Wojciech<\/p><p class=\"wp-block-post-excerpt__more-text\"><a class=\"wp-block-post-excerpt__more-link\" href=\"https:\/\/pallotyni.ostroleka.pl\/?p=1571\">Czytaj dalej<\/a><\/p><\/div><\/div>\n\n<\/li><li class=\"wp-block-post post-1565 post type-post status-publish format-standard hentry category-grafik-ksiezy\">\n\n\n\n<div class=\"wp-block-group has-global-padding is-layout-constrained wp-container-core-group-is-layout-3a02abfb wp-block-group-is-layout-constrained\" style=\"padding-top:20px;padding-right:20px;padding-bottom:20px;padding-left:20px\">\n<div class=\"wp-block-group is-content-justification-space-between is-nowrap is-layout-flex wp-container-core-group-is-layout-cb46ffcb wp-block-group-is-layout-flex\"><div class=\"taxonomy-category wp-block-post-terms\"><a href=\"https:\/\/pallotyni.ostroleka.pl\/?cat=7\" rel=\"tag\">Grafik Ksi\u0119\u017cy<\/a><\/div>\n\n<div style=\"padding-top:5px;padding-right:16px;padding-bottom:5px;padding-left:16px;\" class=\"wp-block-post-date has-text-color has-base-color has-background has-primary-background-color\"><time datetime=\"2026-04-18T18:41:14+00:00\">18 kwietnia, 2026<\/time><\/div><\/div>\n\n\n<h3 style=\"font-style:normal;font-weight:500;\" class=\"wp-block-post-title has-big-font-size\"><a href=\"https:\/\/pallotyni.ostroleka.pl\/?p=1565\" target=\"_self\" >Plan pracy tygodniowej 19.04. \u2013 25.04.2026 r.<\/a><\/h3>\n\n<div class=\"wp-block-post-excerpt has-text-color has-black-color\"><p class=\"wp-block-post-excerpt__excerpt\">NIEDZIELA \u2013 19.04.2026 godz. CELEBRANS TACAI KONFESJONA\u0141 7.00 x. Tomasz x. Wojciech 9.00 x. Wojciech x. Tomasz x. Wojciech 11.30 x. Marian x. Tomasz 12.30 (ZP) x. Wojciech<\/p><p class=\"wp-block-post-excerpt__more-text\"><a class=\"wp-block-post-excerpt__more-link\" href=\"https:\/\/pallotyni.ostroleka.pl\/?p=1565\">Czytaj dalej<\/a><\/p><\/div><\/div>\n\n<\/li><li class=\"wp-block-post post-1556 post type-post status-publish format-standard hentry category-grafik-ksiezy\">\n\n\n\n<div class=\"wp-block-group has-global-padding is-layout-constrained wp-container-core-group-is-layout-3a02abfb wp-block-group-is-layout-constrained\" style=\"padding-top:20px;padding-right:20px;padding-bottom:20px;padding-left:20px\">\n<div class=\"wp-block-group is-content-justification-space-between is-nowrap is-layout-flex wp-container-core-group-is-layout-cb46ffcb wp-block-group-is-layout-flex\"><div class=\"taxonomy-category wp-block-post-terms\"><a href=\"https:\/\/pallotyni.ostroleka.pl\/?cat=7\" rel=\"tag\">Grafik Ksi\u0119\u017cy<\/a><\/div>\n\n<div style=\"padding-top:5px;padding-right:16px;padding-bottom:5px;padding-left:16px;\" class=\"wp-block-post-date has-text-color has-base-color has-background has-primary-background-color\"><time datetime=\"2026-04-11T17:16:02+00:00\">11 kwietnia, 2026<\/time><\/div><\/div>\n\n\n<h3 style=\"font-style:normal;font-weight:500;\" class=\"wp-block-post-title has-big-font-size\"><a href=\"https:\/\/pallotyni.ostroleka.pl\/?p=1556\" target=\"_self\" >Plan pracy tygodniowej 12.04. \u2013 18.04.2026 r.<\/a><\/h3>\n\n<div class=\"wp-block-post-excerpt has-text-color has-black-color\"><p class=\"wp-block-post-excerpt__excerpt\">NIEDZIELA \u2013 12.04.2026 godz. CELEBRANS TACAI KONFESJONA\u0141 7.00 x. Tomasz x. Wojciech 9.00 x. Wojciech x. Marian x. Tomasz 11.30 x. Tomasz x. Wojciech 12.30 (ZP) x. Wojciech<\/p><p class=\"wp-block-post-excerpt__more-text\"><a class=\"wp-block-post-excerpt__more-link\" href=\"https:\/\/pallotyni.ostroleka.pl\/?p=1556\">Czytaj dalej<\/a><\/p><\/div><\/div>\n\n<\/li><\/ul><\/div>\n<\/div>\n<\/div>\n<\/div>\n\n\n<p>\n<!-- \/wp:post-content --><\/p>","protected":false},"excerpt":{"rendered":"","protected":false},"author":2,"featured_media":0,"parent":0,"menu_order":0,"comment_status":"closed","ping_status":"closed","template":"","meta":{"footnotes":""},"class_list":["post-49","page","type-page","status-publish","hentry"],"jetpack_sharing_enabled":true,"_links":{"self":[{"href":"https:\/\/pallotyni.ostroleka.pl\/index.php?rest_route=\/wp\/v2\/pages\/49","targetHints":{"allow":["GET"]}}],"collection":[{"href":"https:\/\/pallotyni.ostroleka.pl\/index.php?rest_route=\/wp\/v2\/pages"}],"about":[{"href":"https:\/\/pallotyni.ostroleka.pl\/index.php?rest_route=\/wp\/v2\/types\/page"}],"author":[{"embeddable":true,"href":"https:\/\/pallotyni.ostroleka.pl\/index.php?rest_route=\/wp\/v2\/users\/2"}],"replies":[{"embeddable":true,"href":"https:\/\/pallotyni.ostroleka.pl\/index.php?rest_route=%2Fwp%2Fv2%2Fcomments&post=49"}],"version-history":[{"count":9,"href":"https:\/\/pallotyni.ostroleka.pl\/index.php?rest_route=\/wp\/v2\/pages\/49\/revisions"}],"predecessor-version":[{"id":187,"href":"https:\/\/pallotyni.ostroleka.pl\/index.php?rest_route=\/wp\/v2\/pages\/49\/revisions\/187"}],"wp:attachment":[{"href":"https:\/\/pallotyni.ostroleka.pl\/index.php?rest_route=%2Fwp%2Fv2%2Fmedia&parent=49"}],"curies":[{"name":"wp","href":"https:\/\/api.w.org\/{rel}","templated":true}]}}